{"id":13316,"date":"2021-06-23T12:59:34","date_gmt":"2021-06-23T10:59:34","guid":{"rendered":"https:\/\/www.serenty.es\/?page_id=13316"},"modified":"2021-06-23T17:36:37","modified_gmt":"2021-06-23T15:36:37","slug":"proceso-consultoria-direccion-coordinacion-proyectos","status":"publish","type":"page","link":"https:\/\/www.serenty.es\/en\/transformacion-digital\/soluciones-herramientas-transformacion-digital\/proceso-consultoria-direccion-coordinacion-proyectos\/","title":{"rendered":"Proceso de Consultor\u00eda, Direcci\u00f3n y Coordinaci\u00f3n de proyectos"},"content":{"rendered":"<div class=\"wpb-content-wrapper\"><p>[vc_row full_width=&#8221;stretch_row&#8221; color_style=&#8221;light&#8221; css=&#8221;.vc_custom_1624462573032{padding-top: 0px !important;padding-bottom: 0px !important;background-image: url(https:\/\/www.serenty.es\/wp-content\/uploads\/2018\/02\/cabecera-gestion-de-proyectos-tecnologicos.jpg?id=11708) !important;background-position: center !important;background-repeat: no-repeat !important;background-size: cover !important;}&#8221; el_class=&#8221;cabecera-interior cta-cabecera&#8221;][vc_column][vc_raw_html]JTVCbWlnYXMlNUQ=[\/vc_raw_html]<div id=\"ultimate-heading-42369f2ec72ef37c\" class=\"uvc-heading ult-adjust-bottom-margin ultimate-heading-42369f2ec72ef37c uvc-529 \" data-hspacer=\"no_spacer\"  data-halign=\"center\" style=\"text-align:center\"><div class=\"uvc-heading-spacer no_spacer\" style=\"top\"><\/div><div class=\"uvc-main-heading ult-responsive\"  data-ultimate-target='.uvc-heading.ultimate-heading-42369f2ec72ef37c h1'  data-responsive-json-new='{\"font-size\":\"desktop:60px;\",\"line-height\":\"desktop:62px;\"}' ><h1 style=\"font-family:&#039;Poppins&#039;;font-weight:700;color:#ffffff;margin-bottom:18px;\">Proceso de Consultor\u00eda, Direcci\u00f3n y Coordinaci\u00f3n de proyectos<\/h1><\/div><\/div>[vc_empty_space height=&#8221;50px&#8221;]<div class=\"pix_button button-center\"><a href=\"#\"  class=\"clear btn  btn-solid btn-hover-outline btn-oval  btn-md white btn-hover-white\">Descargar dossier<\/a><\/div>[vc_empty_space height=&#8221;50px&#8221;][\/vc_column][\/vc_row][vc_row full_width=&#8221;stretch_row_content_no_spaces&#8221; equal_height=&#8221;yes&#8221; css=&#8221;.vc_custom_1518683486092{padding-top: 0px !important;padding-bottom: 0px !important;background-color: #f2f2f2 !important;}&#8221; el_id=&#8221;contenido&#8221;][vc_column width=&#8221;1\/2&#8243; color_style=&#8221;light&#8221; css=&#8221;.vc_custom_1518704443493{background-image: url(https:\/\/www.serenty.es\/wp-content\/uploads\/2018\/02\/gestion-proyectos-tecnologicos-02.jpg?id=11710) !important;background-position: center !important;background-repeat: no-repeat !important;background-size: cover !important;}&#8221;][vc_empty_space height=&#8221;692px&#8221;][\/vc_column][vc_column width=&#8221;1\/2&#8243; css=&#8221;.vc_custom_1476873109831{padding-top: 100px !important;padding-right: 10% !important;padding-bottom: 100px !important;padding-left: 10% !important;}&#8221;][vc_row_inner][vc_column_inner width=&#8221;5\/6&#8243;]<div id=\"ultimate-heading-440369f2ec72ef4f0\" class=\"uvc-heading ult-adjust-bottom-margin ultimate-heading-440369f2ec72ef4f0 uvc-406 \" data-hspacer=\"line_only\"  data-halign=\"left\" style=\"text-align:left\"><div class=\"uvc-main-heading ult-responsive\"  data-ultimate-target='.uvc-heading.ultimate-heading-440369f2ec72ef4f0 h2'  data-responsive-json-new='{\"font-size\":\"desktop:28px;\",\"line-height\":\"\"}' ><h2 style=\"font-weight:normal;color:#333333;margin-bottom:8px;\">\u00bfC\u00f3mo podemos ayudarte con la Consultor\u00eda en la Transformaci\u00f3n Digital?<\/h2><\/div><div class=\"uvc-heading-spacer line_only\" style=\"topheight:1px;\"><span class=\"uvc-headings-line\" style=\"border-style:solid;border-bottom-width:1px;border-color:#4ac8f4;width:60px;\"><\/span><\/div><\/div><div class=\"ult-spacer spacer-69f2ec72ef53b\" data-id=\"69f2ec72ef53b\" data-height=\"35\" data-height-mobile=\"35\" data-height-tab=\"35\" data-height-tab-portrait=\"35\" data-height-mobile-landscape=\"35\" style=\"clear:both;display:block;\"><\/div>[vc_column_text]Durante el proceso de cambio y mejora que le proponemos, le asesoramos y acompa\u00f1amos, haciendo nuestros sus problemas y le guiamos durante la implementaci\u00f3n siendo el apoyo profesional que necesita su empresa.<\/p>\n<p>Utilizamos herramientas y metodolog\u00edas propias, validadas en los procesos de gesti\u00f3n de innovaci\u00f3n. Nuestro asesoramiento es independiente a ning\u00fan producto tecnol\u00f3gico ni marca comercial, para poder tomar decisiones libres e independientes, siempre preocupados por obtener lo mejor para tu empresa.<\/p>\n<p>Desde Serenty le asesoramos en la decisi\u00f3n de adquisici\u00f3n de tecnolog\u00eda para tu empresa, en la gesti\u00f3n del proyecto, en la resoluci\u00f3n de problemas, sistemas operativos, en la gesti\u00f3n de un ERP, en la Gesti\u00f3n Documental y en la Movilidad.<\/p>\n<p>Somos especialistas en procesos de organizaci\u00f3n de empresas y en la gesti\u00f3n de la cadena de suministro, con el \u00fanico objetivo de incrementar sus ventas. Nuestra experiencia combinada con los m\u00e1s modernos sistemas de informaci\u00f3n y equipo t\u00e9cnico nos permiten el an\u00e1lisis y la gesti\u00f3n de empresas, centr\u00e1ndonos en estrategias que incrementen las ventas, reduzcan los costes, gestionen de una manera eficiente el stock y mejoren la gesti\u00f3n.[\/vc_column_text][\/vc_column_inner][vc_column_inner width=&#8221;1\/6&#8243;][\/vc_column_inner][\/vc_row_inner][\/vc_column][\/vc_row][vc_row full_width=&#8221;stretch_row_content&#8221; css=&#8221;.vc_custom_1624460025485{padding-top: 75px !important;padding-bottom: 110px !important;background-color: #f2f2f2 !important;}&#8221;][vc_column width=&#8221;1\/6&#8243;][\/vc_column][vc_column width=&#8221;2\/3&#8243;]<div id=\"ultimate-heading-144069f2ec72ef573\" class=\"uvc-heading ult-adjust-bottom-margin ultimate-heading-144069f2ec72ef573 uvc-5718 \" data-hspacer=\"line_only\"  data-halign=\"center\" style=\"text-align:center\"><div class=\"uvc-main-heading ult-responsive\"  data-ultimate-target='.uvc-heading.ultimate-heading-144069f2ec72ef573 h2'  data-responsive-json-new='{\"font-size\":\"desktop:28px;\",\"line-height\":\"\"}' ><h2 style=\"font-weight:normal;color:#333333;margin-bottom:8px;\">M\u00e1s herramientas y soluciones Serenty para la Transformaci\u00f3n Digital<\/h2><\/div><div class=\"uvc-heading-spacer line_only\" style=\"topheight:1px;\"><span class=\"uvc-headings-line\" style=\"border-style:solid;border-bottom-width:1px;border-color:#4ac8f4;width:60px;\"><\/span><\/div><\/div>[vc_empty_space height=&#8221;35px&#8221;][vc_row_inner el_class=&#8221;cuadros&#8221;][vc_column_inner width=&#8221;1\/3&#8243;]<div class=\"pix_icon_box  icon_hover left \"  ><div class=\"icon-box-content content-collapse icon-below-content\"><h2 class=\"title\" style=\"font-size:20px\">Infraestructura t\u00e9cnica y de comunicaciones<\/h2><p class=\"content\">En un estudio reciente, se constat\u00f3 que para antes de que concluya el a\u00f1o 2020 habr\u00e1 m\u00e1s de 25 mil millones de dispositivos conectados, &#8230;<\/p><p class=\"sepCenter\"><a href=\"https:\/\/www.serenty.es\/transformacion-digital\/soluciones-herramientas-transformacion-digital\/infraestructura-tecnica-comunicaciones\/\"  class=\"clear btn btn-outline btn-hover-outline btn-oval  btn-md color btn-hover-color\">Ver m\u00e1s<\/a><\/p><\/div><\/div>[\/vc_column_inner][vc_column_inner width=&#8221;1\/3&#8243;]<div class=\"pix_icon_box  icon_hover left \"  ><div class=\"icon-box-content content-collapse icon-below-content\"><h2 class=\"title\" style=\"font-size:20px\">Sistema De Gesti\u00f3n de la Informaci\u00f3n Integral o ERP<\/h2><p class=\"content\">Ponemos a tu disposici\u00f3n software para agilizar procesos de contabilidad, tesorer\u00eda, n\u00f3mina, recursos humanos, inventario, punto de ventas, entre otros.<\/p><p class=\"sepCenter\"><a href=\"https:\/\/www.serenty.es\/transformacion-digital\/soluciones-herramientas-transformacion-digital\/sistema-gestion-la-informacion-integral-erp\/\"  class=\"clear btn btn-outline btn-hover-outline btn-oval  btn-md color btn-hover-color\">Ver m\u00e1s<\/a><\/p><\/div><\/div>[\/vc_column_inner][vc_column_inner width=&#8221;1\/3&#8243;]<div class=\"pix_icon_box  icon_hover left \"  ><div class=\"icon-box-content content-collapse icon-below-content\"><h2 class=\"title\" style=\"font-size:20px\">Imagen\/Dise\u00f1o , Marketing Digital Y E-Commerce<\/h2><p class=\"content\">A trav\u00e9s de nuestro equipo especializado en marketing digital te ayudamos a conseguir una buena reputaci\u00f3n y reconocimiento de marca.<\/p><p class=\"sepCenter\"><a href=\"https:\/\/www.serenty.es\/transformacion-digital\/soluciones-herramientas-transformacion-digital\/imagen-diseno-marketing-digital-e-commerce\/\"  class=\"clear btn btn-outline btn-hover-outline btn-oval  btn-md color btn-hover-color\">Ver m\u00e1s<\/a><\/p><\/div><\/div>[\/vc_column_inner][\/vc_row_inner][\/vc_column][vc_column width=&#8221;1\/6&#8243;][\/vc_column][\/vc_row][vc_row full_width=&#8221;stretch_row&#8221; equal_height=&#8221;yes&#8221; content_placement=&#8221;middle&#8221; css=&#8221;.vc_custom_1518698507435{padding-top: 60px !important;padding-bottom: 60px !important;background-color: #00a7cf !important;}&#8221; el_class=&#8221;cta-informacion&#8221;][vc_column width=&#8221;2\/3&#8243; css=&#8221;.vc_custom_1461595330268{padding-top: 0px !important;}&#8221;]<div id=\"ultimate-heading-524069f2ec72efe9f\" class=\"uvc-heading ult-adjust-bottom-margin ultimate-heading-524069f2ec72efe9f uvc-6019 \" data-hspacer=\"no_spacer\"  data-halign=\"left\" style=\"text-align:left\"><div class=\"uvc-heading-spacer no_spacer\" style=\"top\"><\/div><div class=\"uvc-main-heading ult-responsive\"  data-ultimate-target='.uvc-heading.ultimate-heading-524069f2ec72efe9f h2'  data-responsive-json-new='{\"font-size\":\"desktop:26px;\",\"line-height\":\"\"}' ><h2 style=\"font-family:&#039;Poppins&#039;;font-weight:500;color:#ffffff;margin-bottom:0px;\">En Serenty somos especialistas en Transformaci\u00f3n Digital<\/h2><\/div><\/div>[\/vc_column][vc_column width=&#8221;1\/3&#8243; css=&#8221;.vc_custom_1461595351467{padding-top: 0px !important;}&#8221;]<div class=\"pix_button button-center\"><a href=\"#\"  class=\"clear btn  btn-solid btn-hover-outline btn-oval  btn-md white btn-hover-white\">Solicitar m\u00e1s informaci\u00f3n<\/a><\/div>[\/vc_column][\/vc_row][vc_row full_width=&#8221;stretch_row_content&#8221; css=&#8221;.vc_custom_1477920295416{padding-top: 75px !important;padding-bottom: 110px !important;}&#8221;][vc_column width=&#8221;1\/6&#8243;][\/vc_column][vc_column width=&#8221;2\/3&#8243;]<div id=\"ultimate-heading-196969f2ec72eff62\" class=\"uvc-heading ult-adjust-bottom-margin ultimate-heading-196969f2ec72eff62 uvc-8170 \" data-hspacer=\"line_only\"  data-halign=\"left\" style=\"text-align:left\"><div class=\"uvc-main-heading ult-responsive\"  data-ultimate-target='.uvc-heading.ultimate-heading-196969f2ec72eff62 h2'  data-responsive-json-new='{\"font-size\":\"desktop:28px;\",\"line-height\":\"\"}' ><h2 style=\"font-weight:normal;color:#333333;margin-bottom:8px;\">La opini\u00f3n de nuestros clientes<\/h2><\/div><div class=\"uvc-heading-spacer line_only\" style=\"topheight:1px;\"><span class=\"uvc-headings-line\" style=\"border-style:solid;border-bottom-width:1px;border-color:#4ac8f4;width:60px;\"><\/span><\/div><\/div>[vc_empty_space height=&#8221;90px&#8221;]<div class=\"owl-carousel row-carousel arrow-style-1 \" data-items=\"3\" data-loop=\"false\" data-margin=\"40\" data-center=\"false\" data-stage-padding=\"0\" data-start-position=\"0\" data-dots=\"true\" data-touch-drag=\"true\" data-mouse-drag=\"true\" data-autoplay-hover-pause=\"true\" data-nav=\"true\" data-autoplay-timeout=\"5000\" data-autoplay=\"false\" data-animate-in=\"false\" data-animate-out=\"false\">[vc_row_inner css=&#8221;.vc_custom_1461147693625{margin-right: 0px !important;margin-left: 0px !important;border-top-width: 1px !important;border-right-width: 1px !important;border-bottom-width: 1px !important;border-left-width: 1px !important;padding-top: 5px !important;padding-right: 40px !important;padding-bottom: 40px !important;padding-left: 40px !important;background-color: #f2f2f2 !important;border-left-color: #e0e0e0 !important;border-left-style: solid !important;border-right-color: #e0e0e0 !important;border-right-style: solid !important;border-top-color: #e0e0e0 !important;border-top-style: solid !important;border-bottom-color: #e0e0e0 !important;border-bottom-style: solid !important;}&#8221;][vc_column_inner][vc_column_text]Grandes profesionales llenos de entusiasmo, unido a una gran capacidad organizativa y un enorme valor humano.[\/vc_column_text]<div id=\"ultimate-heading-752469f2ec72f0128\" class=\"uvc-heading ult-adjust-bottom-margin ultimate-heading-752469f2ec72f0128 uvc-7969 \" data-hspacer=\"no_spacer\"  data-halign=\"center\" style=\"text-align:center\"><div class=\"uvc-heading-spacer no_spacer\" style=\"top\"><\/div><div class=\"uvc-main-heading ult-responsive\"  data-ultimate-target='.uvc-heading.ultimate-heading-752469f2ec72f0128 h2'  data-responsive-json-new='{\"font-size\":\"desktop:14px;\",\"line-height\":\"\"}' ><h2 style=\"font-family:&#039;Poppins&#039;;font-weight:500;color:#777777;\">\u2014 LMLT. Gerente<\/h2><\/div><\/div>[\/vc_column_inner][\/vc_row_inner][vc_row_inner css=&#8221;.vc_custom_1461147693625{margin-right: 0px !important;margin-left: 0px !important;border-top-width: 1px !important;border-right-width: 1px !important;border-bottom-width: 1px !important;border-left-width: 1px !important;padding-top: 5px !important;padding-right: 40px !important;padding-bottom: 40px !important;padding-left: 40px !important;background-color: #f2f2f2 !important;border-left-color: #e0e0e0 !important;border-left-style: solid !important;border-right-color: #e0e0e0 !important;border-right-style: solid !important;border-top-color: #e0e0e0 !important;border-top-style: solid !important;border-bottom-color: #e0e0e0 !important;border-bottom-style: solid !important;}&#8221;][vc_column_inner][vc_column_text]Grandes profesionales, con su dedicaci\u00f3n y competencia hemos podido reorientar la gesti\u00f3n de nuestro negocio. Nos han dise\u00f1ado un plan de gesti\u00f3n adaptado a nuestras necesidades. El trato con ellos es muy cercano, como si fueran uno m\u00e1s de la plantilla.[\/vc_column_text]<div id=\"ultimate-heading-169569f2ec72f0181\" class=\"uvc-heading ult-adjust-bottom-margin ultimate-heading-169569f2ec72f0181 uvc-46 \" data-hspacer=\"no_spacer\"  data-halign=\"center\" style=\"text-align:center\"><div class=\"uvc-heading-spacer no_spacer\" style=\"top\"><\/div><div class=\"uvc-main-heading ult-responsive\"  data-ultimate-target='.uvc-heading.ultimate-heading-169569f2ec72f0181 h2'  data-responsive-json-new='{\"font-size\":\"desktop:14px;\",\"line-height\":\"\"}' ><h2 style=\"font-family:&#039;Poppins&#039;;font-weight:500;color:#777777;\">\u2014 M.G. Subdirectora y Responsable del Departamento de Ventas<\/h2><\/div><\/div>[\/vc_column_inner][\/vc_row_inner][vc_row_inner css=&#8221;.vc_custom_1461147693625{margin-right: 0px !important;margin-left: 0px !important;border-top-width: 1px !important;border-right-width: 1px !important;border-bottom-width: 1px !important;border-left-width: 1px !important;padding-top: 5px !important;padding-right: 40px !important;padding-bottom: 40px !important;padding-left: 40px !important;background-color: #f2f2f2 !important;border-left-color: #e0e0e0 !important;border-left-style: solid !important;border-right-color: #e0e0e0 !important;border-right-style: solid !important;border-top-color: #e0e0e0 !important;border-top-style: solid !important;border-bottom-color: #e0e0e0 !important;border-bottom-style: solid !important;}&#8221;][vc_column_inner][vc_column_text]Lo mejor de este equipo es el empe\u00f1o y esfuerzo que ponen para desarrollar su trabajo. Me alegra haberos encontrado, ha sido un verdadero placer trabajar junto a vosotros.[\/vc_column_text]<div id=\"ultimate-heading-913569f2ec72f01c0\" class=\"uvc-heading ult-adjust-bottom-margin ultimate-heading-913569f2ec72f01c0 uvc-407 \" data-hspacer=\"no_spacer\"  data-halign=\"center\" style=\"text-align:center\"><div class=\"uvc-heading-spacer no_spacer\" style=\"top\"><\/div><div class=\"uvc-main-heading ult-responsive\"  data-ultimate-target='.uvc-heading.ultimate-heading-913569f2ec72f01c0 h2'  data-responsive-json-new='{\"font-size\":\"desktop:14px;\",\"line-height\":\"\"}' ><h2 style=\"font-family:&#039;Poppins&#039;;font-weight:500;color:#777777;\">\u2014 R.S. CEO<\/h2><\/div><\/div>[\/vc_column_inner][\/vc_row_inner]<\/div>[\/vc_column][vc_column width=&#8221;1\/6&#8243;][\/vc_column][\/vc_row][vc_row full_width=&#8221;stretch_row&#8221; equal_height=&#8221;yes&#8221; bg_type=&#8221;image&#8221; parallax_style=&#8221;vcpb-vz-jquery&#8221; bg_image_new=&#8221;id^11561|url^https:\/\/www.serenty.es\/wp-content\/uploads\/2018\/01\/fondo-imagen-logo-02.jpg|caption^null|alt^null|title^fondo-imagen-logo-02|description^null&#8221; bg_image_repeat=&#8221;no-repeat&#8221; parallax_sense=&#8221;70&#8243; bg_override=&#8221;ex-full&#8221; css=&#8221;.vc_custom_1516879602893{background-position: center !important;background-repeat: no-repeat !important;background-size: cover !important;}&#8221;][vc_column width=&#8221;1\/2&#8243; css=&#8221;.vc_custom_1477149371088{padding: 60px !important;background-color: #ffffff !important;}&#8221;]<div class=\" size-sm clearfix\"><h2 class=\"main-title title normal-title size-sm line-style1 \"   style=\"font-size: 50px; letter-spacing: 1px; \">Contacto<\/h2><\/div>[vc_column_text]Rellena el formulario de contacto y nosotros te llamamos.[\/vc_column_text]<ul class=\"list \"><li class=\"icon-list\" style=\" margin: 10px 0px 40px 30px; letter-spacing: 1px;\"><i class=\"pixicon-icon pixicon-envelope color\"  style=\" font-size: 20px; margin: 0px 0px 0px -50px; line-height: 17px;\"><\/i>info@serenty.es<\/li><li class=\"icon-list\" style=\" margin: 10px 0px 40px 30px; line-height: 18px; letter-spacing: 1px;\"><i class=\"pixicon-icon pixicon-mobile-1 color\"  style=\" font-size: 25px; margin: 0px 0px 0px -55px;\"><\/i>(+34) 926 81 78 07<br \/>\n(+34) 649 91 96 42<\/li><li class=\"icon-list\" style=\" margin: 10px 0px 40px 30px; letter-spacing: 1px;\"><i class=\"pixicon-icon pixicon-location color\"  style=\" font-size: 20px; margin: 0px 0px 0px -50px;\"><\/i>C\/ General Aguilera, 5 &#8211; 4\u00baD, 13001 Ciudad Real<\/li><\/ul>[\/vc_column][vc_column width=&#8221;1\/2&#8243; color_style=&#8221;light&#8221; css=&#8221;.vc_custom_1516879665500{padding-top: 60px !important;padding-right: 60px !important;padding-bottom: 60px !important;padding-left: 60px !important;background-color: #4ac8f4 !important;}&#8221;]\n<div class=\"wpcf7 no-js\" id=\"wpcf7-f11011-o1\" lang=\"en-US\" dir=\"ltr\">\n<div class=\"screen-reader-response\"><p role=\"status\" aria-live=\"polite\" aria-atomic=\"true\"><\/p> <ul><\/ul><\/div>\n<form action=\"\/en\/wp-json\/wp\/v2\/pages\/13316#wpcf7-f11011-o1\" method=\"post\" class=\"wpcf7-form init wpcf7-acceptance-as-validation\" aria-label=\"Contact form\" novalidate=\"novalidate\" data-status=\"init\">\n<div style=\"display: none;\">\n<input type=\"hidden\" name=\"_wpcf7\" value=\"11011\" \/>\n<input type=\"hidden\" name=\"_wpcf7_version\" value=\"5.9.8\" \/>\n<input type=\"hidden\" name=\"_wpcf7_locale\" value=\"en_US\" \/>\n<input type=\"hidden\" name=\"_wpcf7_unit_tag\" value=\"wpcf7-f11011-o1\" \/>\n<input type=\"hidden\" name=\"_wpcf7_container_post\" value=\"0\" \/>\n<input type=\"hidden\" name=\"_wpcf7_posted_data_hash\" value=\"\" \/>\n<input type=\"hidden\" name=\"_wpcf7dtx_version\" value=\"5.0.5\" \/>\n<\/div>\n<div class=\"smart-form-3\">\n\t<p class=\"smart-textfield\"><i class=\"pixicon-user\"><\/i><span class=\"wpcf7-form-control-wrap\" data-name=\"your-name\"><input size=\"40\" maxlength=\"400\" class=\"wpcf7-form-control wpcf7-text wpcf7-validates-as-required\" aria-required=\"true\" aria-invalid=\"false\" placeholder=\"NOMBRE Y APELLIDOS*\" value=\"\" type=\"text\" name=\"your-name\" \/><\/span>\n\t<\/p>\n\t<p class=\"smart-textfield\"><i class=\"pixicon-envelope-1\"><\/i><span class=\"wpcf7-form-control-wrap\" data-name=\"your-email\"><input size=\"40\" maxlength=\"400\" class=\"wpcf7-form-control wpcf7-email wpcf7-validates-as-required wpcf7-text wpcf7-validates-as-email\" aria-required=\"true\" aria-invalid=\"false\" placeholder=\"EMAIL*\" value=\"\" type=\"email\" name=\"your-email\" \/><\/span>\n\t<\/p>\n\t<p class=\"smart-textfield\"><i class=\"pixicon-phone\"><\/i><span class=\"wpcf7-form-control-wrap\" data-name=\"your-phone\"><input size=\"40\" maxlength=\"400\" class=\"wpcf7-form-control wpcf7-text wpcf7-validates-as-required\" aria-required=\"true\" aria-invalid=\"false\" placeholder=\"TEL\u00c9FONO*\" value=\"\" type=\"text\" name=\"your-phone\" \/><\/span>\n\t<\/p>\n\t<p class=\"smart-textarea\"><span class=\"wpcf7-form-control-wrap\" data-name=\"your-message\"><textarea cols=\"40\" rows=\"10\" maxlength=\"2000\" class=\"wpcf7-form-control wpcf7-textarea\" aria-invalid=\"false\" placeholder=\"MENSAJE\" name=\"your-message\"><\/textarea><\/span>\n\t<\/p>\n\t<div class=\"preguntas\">\n\t\t<p><span class=\"wpcf7-form-control-wrap\" data-name=\"preguntas\"><label><span class=\"wpcf7-quiz-label\">\u00bfCu\u00e1nto es 2 + uno?<\/span> <input size=\"40\" class=\"wpcf7-form-control wpcf7-quiz\" autocomplete=\"off\" aria-required=\"true\" aria-invalid=\"false\" type=\"text\" name=\"preguntas\" \/><\/label><input type=\"hidden\" name=\"_wpcf7_quiz_answer_preguntas\" value=\"4d527a4e2ae61d127bb5c617698529ce\" \/><\/span>\n\t\t<\/p>\n\t<\/div>\n\t<div class=\"checkbox\">\n\t\t<p><span class=\"wpcf7-form-control-wrap\" data-name=\"acepto\"><span class=\"wpcf7-form-control wpcf7-acceptance\"><span class=\"wpcf7-list-item\"><input type=\"checkbox\" name=\"acepto\" value=\"1\" aria-invalid=\"false\" \/><\/span><\/span><\/span> He le\u00eddo y acepto la <a href=\"#\" rel=\"nofollow\" class=\"privacidad\">pol\u00edtica de privacidad<\/a>\n\t\t<\/p>\n\t<\/div>\n\t<p class=\"smart-btn3\"><input class=\"wpcf7-form-control wpcf7-submit has-spinner btn btn-outline btn-hover-outline\" type=\"submit\" value=\"Enviar\" \/>\n\t<span class=\"wpcf7-form-control-wrap pagina\" data-name=\"pagina\"><input type=\"hidden\" name=\"pagina\" class=\"wpcf7-form-control wpcf7-hidden wpcf7dtx wpcf7dtx-hidden\" aria-invalid=\"false\" value=\"https:\/\/www.serenty.es\/en\/wp-json\/wp\/v2\/pages\/13316\"><\/span>\n\t<\/p>\n\t<p style=\"font-size:12px\">*Datos necesarios\n\t<\/p>\n<\/div><input type='hidden' class='wpcf7-pum' value='{\"closepopup\":false,\"closedelay\":0,\"openpopup\":false,\"openpopup_id\":0}' \/><div class=\"wpcf7-response-output\" aria-hidden=\"true\"><\/div>\n<\/form>\n<\/div>\n[\/vc_column][\/vc_row]<\/p>\n<\/div>","protected":false},"excerpt":{"rendered":"<p>[vc_row full_width=&#8221;stretch_row&#8221; color_style=&#8221;light&#8221; css=&#8221;.vc_custom_1624462573032{padding-top: 0px !important;padding-bottom: 0px !important;background-image: url(https:\/\/www.serenty.es\/wp-content\/uploads\/2018\/02\/cabecera-gestion-de-proyectos-tecnologicos.jpg?id=11708) !important;background-position: center !important;background-repeat: no-repeat !important;background-size: cover !important;}&#8221; el_class=&#8221;cabecera-interior cta-cabecera&#8221;][vc_column][vc_raw_html]JTVCbWlnYXMlNUQ=[\/vc_raw_html][vc_empty_space height=&#8221;50px&#8221;][vc_empty_space height=&#8221;50px&#8221;][\/vc_column][\/vc_row][vc_row full_width=&#8221;stretch_row_content_no_spaces&#8221; equal_height=&#8221;yes&#8221; css=&#8221;.vc_custom_1518683486092{padding-top: 0px !important;padding-bottom: 0px !important;background-color: #f2f2f2 !important;}&#8221; el_id=&#8221;contenido&#8221;][vc_column width=&#8221;1\/2&#8243; color_style=&#8221;light&#8221; css=&#8221;.vc_custom_1518704443493{background-image: url(https:\/\/www.serenty.es\/wp-content\/uploads\/2018\/02\/gestion-proyectos-tecnologicos-02.jpg?id=11710) !important;background-position: center !important;background-repeat: no-repeat !important;background-size: cover&#8230;<\/p>\n","protected":false},"author":1,"featured_media":0,"parent":13290,"menu_order":0,"comment_status":"closed","ping_status":"closed","template":"","meta":{"content-type":"","footnotes":""},"yoast_head":"<!-- This site is optimized with the Yoast SEO plugin v23.5 - https:\/\/yoast.com\/wordpress\/plugins\/seo\/ -->\n<title>Proceso de Consultor\u00eda, Direcci\u00f3n y Coordinaci\u00f3n de proyectos - Serenty<\/title>\n<meta name=\"robots\" content=\"index, follow, max-snippet:-1, max-image-preview:large, max-video-preview:-1\" \/>\n<link rel=\"canonical\" href=\"https:\/\/www.serenty.es\/transformacion-digital\/soluciones-herramientas-transformacion-digital\/proceso-consultoria-direccion-coordinacion-proyectos\/\" \/>\n<meta property=\"og:locale\" content=\"en_US\" \/>\n<meta property=\"og:type\" content=\"article\" \/>\n<meta property=\"og:title\" content=\"Proceso de Consultor\u00eda, Direcci\u00f3n y Coordinaci\u00f3n de proyectos - Serenty\" \/>\n<meta property=\"og:description\" content=\"[vc_row full_width=&#8221;stretch_row&#8221; color_style=&#8221;light&#8221; css=&#8221;.vc_custom_1624462573032{padding-top: 0px !important;padding-bottom: 0px !important;background-image: url(https:\/\/www.serenty.es\/wp-content\/uploads\/2018\/02\/cabecera-gestion-de-proyectos-tecnologicos.jpg?id=11708) !important;background-position: center !important;background-repeat: no-repeat !important;background-size: cover !important;}&#8221; el_class=&#8221;cabecera-interior cta-cabecera&#8221;][vc_column][vc_raw_html]JTVCbWlnYXMlNUQ=[\/vc_raw_html][vc_empty_space height=&#8221;50px&#8221;][vc_empty_space height=&#8221;50px&#8221;][\/vc_column][\/vc_row][vc_row full_width=&#8221;stretch_row_content_no_spaces&#8221; equal_height=&#8221;yes&#8221; css=&#8221;.vc_custom_1518683486092{padding-top: 0px !important;padding-bottom: 0px !important;background-color: #f2f2f2 !important;}&#8221; el_id=&#8221;contenido&#8221;][vc_column width=&#8221;1\/2&#8243; color_style=&#8221;light&#8221; css=&#8221;.vc_custom_1518704443493{background-image: url(https:\/\/www.serenty.es\/wp-content\/uploads\/2018\/02\/gestion-proyectos-tecnologicos-02.jpg?id=11710) !important;background-position: center !important;background-repeat: no-repeat !important;background-size: cover...\" \/>\n<meta property=\"og:url\" content=\"https:\/\/www.serenty.es\/transformacion-digital\/soluciones-herramientas-transformacion-digital\/proceso-consultoria-direccion-coordinacion-proyectos\/\" \/>\n<meta property=\"og:site_name\" content=\"Serenty\" \/>\n<meta property=\"article:publisher\" content=\"https:\/\/www.facebook.com\/Serenty-1127927883973955\/\" \/>\n<meta property=\"article:modified_time\" content=\"2021-06-23T15:36:37+00:00\" \/>\n<meta property=\"og:image\" content=\"https:\/\/www.serenty.es\/wp-content\/uploads\/2018\/02\/Cabecera-Facebook_Serenty.png\" \/>\n<meta name=\"twitter:card\" content=\"summary_large_image\" \/>\n<meta name=\"twitter:site\" content=\"@Serenty_ES\" \/>\n<meta name=\"twitter:label1\" content=\"Est. reading time\" \/>\n\t<meta name=\"twitter:data1\" content=\"9 minutes\" \/>\n<script type=\"application\/ld+json\" class=\"yoast-schema-graph\">{\"@context\":\"https:\/\/schema.org\",\"@graph\":[{\"@type\":\"WebPage\",\"@id\":\"https:\/\/www.serenty.es\/transformacion-digital\/soluciones-herramientas-transformacion-digital\/proceso-consultoria-direccion-coordinacion-proyectos\/\",\"url\":\"https:\/\/www.serenty.es\/transformacion-digital\/soluciones-herramientas-transformacion-digital\/proceso-consultoria-direccion-coordinacion-proyectos\/\",\"name\":\"Proceso de Consultor\u00eda, Direcci\u00f3n y Coordinaci\u00f3n de proyectos - Serenty\",\"isPartOf\":{\"@id\":\"https:\/\/www.serenty.es\/#website\"},\"datePublished\":\"2021-06-23T10:59:34+00:00\",\"dateModified\":\"2021-06-23T15:36:37+00:00\",\"breadcrumb\":{\"@id\":\"https:\/\/www.serenty.es\/transformacion-digital\/soluciones-herramientas-transformacion-digital\/proceso-consultoria-direccion-coordinacion-proyectos\/#breadcrumb\"},\"inLanguage\":\"en-US\",\"potentialAction\":[{\"@type\":\"ReadAction\",\"target\":[\"https:\/\/www.serenty.es\/transformacion-digital\/soluciones-herramientas-transformacion-digital\/proceso-consultoria-direccion-coordinacion-proyectos\/\"]}]},{\"@type\":\"BreadcrumbList\",\"@id\":\"https:\/\/www.serenty.es\/transformacion-digital\/soluciones-herramientas-transformacion-digital\/proceso-consultoria-direccion-coordinacion-proyectos\/#breadcrumb\",\"itemListElement\":[{\"@type\":\"ListItem\",\"position\":1,\"name\":\"Inicio\",\"item\":\"https:\/\/www.serenty.es\/en\/\"},{\"@type\":\"ListItem\",\"position\":2,\"name\":\"Transformaci\u00f3n digital\",\"item\":\"https:\/\/www.serenty.es\/transformacion-digital\/\"},{\"@type\":\"ListItem\",\"position\":3,\"name\":\"Soluciones y Herramientas en Transformaci\u00f3n Digital\",\"item\":\"https:\/\/www.serenty.es\/transformacion-digital\/soluciones-herramientas-transformacion-digital\/\"},{\"@type\":\"ListItem\",\"position\":4,\"name\":\"Proceso de Consultor\u00eda, Direcci\u00f3n y Coordinaci\u00f3n de proyectos\"}]},{\"@type\":\"WebSite\",\"@id\":\"https:\/\/www.serenty.es\/#website\",\"url\":\"https:\/\/www.serenty.es\/\",\"name\":\"Serenty\",\"description\":\"We excel at Process Consulting\",\"publisher\":{\"@id\":\"https:\/\/www.serenty.es\/#organization\"},\"potentialAction\":[{\"@type\":\"SearchAction\",\"target\":{\"@type\":\"EntryPoint\",\"urlTemplate\":\"https:\/\/www.serenty.es\/?s={search_term_string}\"},\"query-input\":{\"@type\":\"PropertyValueSpecification\",\"valueRequired\":true,\"valueName\":\"search_term_string\"}}],\"inLanguage\":\"en-US\"},{\"@type\":\"Organization\",\"@id\":\"https:\/\/www.serenty.es\/#organization\",\"name\":\"Serenty\",\"url\":\"https:\/\/www.serenty.es\/\",\"logo\":{\"@type\":\"ImageObject\",\"inLanguage\":\"en-US\",\"@id\":\"https:\/\/www.serenty.es\/#\/schema\/logo\/image\/\",\"url\":\"https:\/\/www.serenty.es\/wp-content\/uploads\/2023\/06\/Logotipo_Serenty_CMYK.jpg\",\"contentUrl\":\"https:\/\/www.serenty.es\/wp-content\/uploads\/2023\/06\/Logotipo_Serenty_CMYK.jpg\",\"width\":1200,\"height\":900,\"caption\":\"Serenty\"},\"image\":{\"@id\":\"https:\/\/www.serenty.es\/#\/schema\/logo\/image\/\"},\"sameAs\":[\"https:\/\/www.facebook.com\/Serenty-1127927883973955\/\",\"https:\/\/x.com\/Serenty_ES\"]}]}<\/script>\n<!-- \/ Yoast SEO plugin. -->","yoast_head_json":{"title":"Proceso de Consultor\u00eda, Direcci\u00f3n y Coordinaci\u00f3n de proyectos - Serenty","robots":{"index":"index","follow":"follow","max-snippet":"max-snippet:-1","max-image-preview":"max-image-preview:large","max-video-preview":"max-video-preview:-1"},"canonical":"https:\/\/www.serenty.es\/transformacion-digital\/soluciones-herramientas-transformacion-digital\/proceso-consultoria-direccion-coordinacion-proyectos\/","og_locale":"en_US","og_type":"article","og_title":"Proceso de Consultor\u00eda, Direcci\u00f3n y Coordinaci\u00f3n de proyectos - Serenty","og_description":"[vc_row full_width=&#8221;stretch_row&#8221; color_style=&#8221;light&#8221; css=&#8221;.vc_custom_1624462573032{padding-top: 0px !important;padding-bottom: 0px !important;background-image: url(https:\/\/www.serenty.es\/wp-content\/uploads\/2018\/02\/cabecera-gestion-de-proyectos-tecnologicos.jpg?id=11708) !important;background-position: center !important;background-repeat: no-repeat !important;background-size: cover !important;}&#8221; el_class=&#8221;cabecera-interior cta-cabecera&#8221;][vc_column][vc_raw_html]JTVCbWlnYXMlNUQ=[\/vc_raw_html][vc_empty_space height=&#8221;50px&#8221;][vc_empty_space height=&#8221;50px&#8221;][\/vc_column][\/vc_row][vc_row full_width=&#8221;stretch_row_content_no_spaces&#8221; equal_height=&#8221;yes&#8221; css=&#8221;.vc_custom_1518683486092{padding-top: 0px !important;padding-bottom: 0px !important;background-color: #f2f2f2 !important;}&#8221; el_id=&#8221;contenido&#8221;][vc_column width=&#8221;1\/2&#8243; color_style=&#8221;light&#8221; css=&#8221;.vc_custom_1518704443493{background-image: url(https:\/\/www.serenty.es\/wp-content\/uploads\/2018\/02\/gestion-proyectos-tecnologicos-02.jpg?id=11710) !important;background-position: center !important;background-repeat: no-repeat !important;background-size: cover...","og_url":"https:\/\/www.serenty.es\/transformacion-digital\/soluciones-herramientas-transformacion-digital\/proceso-consultoria-direccion-coordinacion-proyectos\/","og_site_name":"Serenty","article_publisher":"https:\/\/www.facebook.com\/Serenty-1127927883973955\/","article_modified_time":"2021-06-23T15:36:37+00:00","og_image":[{"url":"https:\/\/www.serenty.es\/wp-content\/uploads\/2018\/02\/Cabecera-Facebook_Serenty.png"}],"twitter_card":"summary_large_image","twitter_site":"@Serenty_ES","twitter_misc":{"Est. reading time":"9 minutes"},"schema":{"@context":"https:\/\/schema.org","@graph":[{"@type":"WebPage","@id":"https:\/\/www.serenty.es\/transformacion-digital\/soluciones-herramientas-transformacion-digital\/proceso-consultoria-direccion-coordinacion-proyectos\/","url":"https:\/\/www.serenty.es\/transformacion-digital\/soluciones-herramientas-transformacion-digital\/proceso-consultoria-direccion-coordinacion-proyectos\/","name":"Proceso de Consultor\u00eda, Direcci\u00f3n y Coordinaci\u00f3n de proyectos - Serenty","isPartOf":{"@id":"https:\/\/www.serenty.es\/#website"},"datePublished":"2021-06-23T10:59:34+00:00","dateModified":"2021-06-23T15:36:37+00:00","breadcrumb":{"@id":"https:\/\/www.serenty.es\/transformacion-digital\/soluciones-herramientas-transformacion-digital\/proceso-consultoria-direccion-coordinacion-proyectos\/#breadcrumb"},"inLanguage":"en-US","potentialAction":[{"@type":"ReadAction","target":["https:\/\/www.serenty.es\/transformacion-digital\/soluciones-herramientas-transformacion-digital\/proceso-consultoria-direccion-coordinacion-proyectos\/"]}]},{"@type":"BreadcrumbList","@id":"https:\/\/www.serenty.es\/transformacion-digital\/soluciones-herramientas-transformacion-digital\/proceso-consultoria-direccion-coordinacion-proyectos\/#breadcrumb","itemListElement":[{"@type":"ListItem","position":1,"name":"Inicio","item":"https:\/\/www.serenty.es\/en\/"},{"@type":"ListItem","position":2,"name":"Transformaci\u00f3n digital","item":"https:\/\/www.serenty.es\/transformacion-digital\/"},{"@type":"ListItem","position":3,"name":"Soluciones y Herramientas en Transformaci\u00f3n Digital","item":"https:\/\/www.serenty.es\/transformacion-digital\/soluciones-herramientas-transformacion-digital\/"},{"@type":"ListItem","position":4,"name":"Proceso de Consultor\u00eda, Direcci\u00f3n y Coordinaci\u00f3n de proyectos"}]},{"@type":"WebSite","@id":"https:\/\/www.serenty.es\/#website","url":"https:\/\/www.serenty.es\/","name":"Serenty","description":"We excel at Process Consulting","publisher":{"@id":"https:\/\/www.serenty.es\/#organization"},"potentialAction":[{"@type":"SearchAction","target":{"@type":"EntryPoint","urlTemplate":"https:\/\/www.serenty.es\/?s={search_term_string}"},"query-input":{"@type":"PropertyValueSpecification","valueRequired":true,"valueName":"search_term_string"}}],"inLanguage":"en-US"},{"@type":"Organization","@id":"https:\/\/www.serenty.es\/#organization","name":"Serenty","url":"https:\/\/www.serenty.es\/","logo":{"@type":"ImageObject","inLanguage":"en-US","@id":"https:\/\/www.serenty.es\/#\/schema\/logo\/image\/","url":"https:\/\/www.serenty.es\/wp-content\/uploads\/2023\/06\/Logotipo_Serenty_CMYK.jpg","contentUrl":"https:\/\/www.serenty.es\/wp-content\/uploads\/2023\/06\/Logotipo_Serenty_CMYK.jpg","width":1200,"height":900,"caption":"Serenty"},"image":{"@id":"https:\/\/www.serenty.es\/#\/schema\/logo\/image\/"},"sameAs":["https:\/\/www.facebook.com\/Serenty-1127927883973955\/","https:\/\/x.com\/Serenty_ES"]}]}},"_links":{"self":[{"href":"https:\/\/www.serenty.es\/en\/wp-json\/wp\/v2\/pages\/13316"}],"collection":[{"href":"https:\/\/www.serenty.es\/en\/wp-json\/wp\/v2\/pages"}],"about":[{"href":"https:\/\/www.serenty.es\/en\/wp-json\/wp\/v2\/types\/page"}],"author":[{"embeddable":true,"href":"https:\/\/www.serenty.es\/en\/wp-json\/wp\/v2\/users\/1"}],"replies":[{"embeddable":true,"href":"https:\/\/www.serenty.es\/en\/wp-json\/wp\/v2\/comments?post=13316"}],"version-history":[{"count":8,"href":"https:\/\/www.serenty.es\/en\/wp-json\/wp\/v2\/pages\/13316\/revisions"}],"predecessor-version":[{"id":13394,"href":"https:\/\/www.serenty.es\/en\/wp-json\/wp\/v2\/pages\/13316\/revisions\/13394"}],"up":[{"embeddable":true,"href":"https:\/\/www.serenty.es\/en\/wp-json\/wp\/v2\/pages\/13290"}],"wp:attachment":[{"href":"https:\/\/www.serenty.es\/en\/wp-json\/wp\/v2\/media?parent=13316"}],"curies":[{"name":"wp","href":"https:\/\/api.w.org\/{rel}","templated":true}]}}