{"id":13327,"date":"2021-06-23T13:13:07","date_gmt":"2021-06-23T11:13:07","guid":{"rendered":"https:\/\/www.serenty.es\/?page_id=13327"},"modified":"2021-06-23T17:38:17","modified_gmt":"2021-06-23T15:38:17","slug":"sistema-gestion-la-informacion-integral-erp","status":"publish","type":"page","link":"https:\/\/www.serenty.es\/en\/transformacion-digital\/soluciones-herramientas-transformacion-digital\/sistema-gestion-la-informacion-integral-erp\/","title":{"rendered":"Sistema De Gesti\u00f3n de la Informaci\u00f3n Integral o ERP"},"content":{"rendered":"<div class=\"wpb-content-wrapper\"><p>[vc_row full_width=&#8221;stretch_row&#8221; color_style=&#8221;light&#8221; css=&#8221;.vc_custom_1624462695113{padding-top: 0px !important;padding-bottom: 0px !important;background-image: url(https:\/\/www.serenty.es\/wp-content\/uploads\/2018\/02\/cabecera-gestion-de-proyectos-tecnologicos.jpg?id=11708) !important;background-position: center !important;background-repeat: no-repeat !important;background-size: cover !important;}&#8221; el_class=&#8221;cabecera-interior cta-cabecera&#8221;][vc_column][vc_raw_html]JTVCbWlnYXMlNUQ=[\/vc_raw_html]<div id=\"ultimate-heading-157869f30235f3bfb\" class=\"uvc-heading ult-adjust-bottom-margin ultimate-heading-157869f30235f3bfb uvc-1029 \" data-hspacer=\"no_spacer\"  data-halign=\"center\" style=\"text-align:center\"><div class=\"uvc-heading-spacer no_spacer\" style=\"top\"><\/div><div class=\"uvc-main-heading ult-responsive\"  data-ultimate-target='.uvc-heading.ultimate-heading-157869f30235f3bfb h1'  data-responsive-json-new='{\"font-size\":\"desktop:60px;\",\"line-height\":\"desktop:62px;\"}' ><h1 style=\"font-family:&#039;Poppins&#039;;font-weight:700;color:#ffffff;margin-bottom:18px;\">Sistema De Gesti\u00f3n de la Informaci\u00f3n Integral o ERP <\/h1><\/div><\/div>[vc_empty_space height=&#8221;50px&#8221;]<div class=\"pix_button button-center\"><a href=\"#\"  class=\"clear btn  btn-solid btn-hover-outline btn-oval  btn-md white btn-hover-white\">Descargar dossier<\/a><\/div>[vc_empty_space height=&#8221;50px&#8221;][\/vc_column][\/vc_row][vc_row full_width=&#8221;stretch_row_content_no_spaces&#8221; equal_height=&#8221;yes&#8221; content_placement=&#8221;middle&#8221; css=&#8221;.vc_custom_1624460748408{padding-top: 0px !important;padding-bottom: 0px !important;background-color: #f2f2f2 !important;}&#8221; el_id=&#8221;contenido&#8221;][vc_column width=&#8221;1\/2&#8243; css=&#8221;.vc_custom_1624460899564{padding-top: 100px !important;padding-right: 10% !important;padding-bottom: 15px !important;padding-left: 10% !important;}&#8221;]<div id=\"ultimate-heading-657169f30235f3cf1\" class=\"uvc-heading ult-adjust-bottom-margin ultimate-heading-657169f30235f3cf1 uvc-927 \" data-hspacer=\"line_only\"  data-halign=\"left\" style=\"text-align:left\"><div class=\"uvc-main-heading ult-responsive\"  data-ultimate-target='.uvc-heading.ultimate-heading-657169f30235f3cf1 h2'  data-responsive-json-new='{\"font-size\":\"desktop:28px;\",\"line-height\":\"\"}' ><h2 style=\"font-weight:normal;color:#333333;margin-bottom:8px;\">\u00bfC\u00f3mo podemos ayudarte Sistema de Gesti\u00f3n Integral o ERP en la Transformaci\u00f3n Digital?<\/h2><\/div><div class=\"uvc-heading-spacer line_only\" style=\"topheight:1px;\"><span class=\"uvc-headings-line\" style=\"border-style:solid;border-bottom-width:1px;border-color:#4ac8f4;width:60px;\"><\/span><\/div><\/div><div class=\"ult-spacer spacer-69f30235f3d24\" data-id=\"69f30235f3d24\" data-height=\"35\" data-height-mobile=\"35\" data-height-tab=\"35\" data-height-tab-portrait=\"35\" data-height-mobile-landscape=\"35\" style=\"clear:both;display:block;\"><\/div>[vc_column_text]Ponemos a tu disposici\u00f3n software para agilizar procesos de contabilidad, tesorer\u00eda, n\u00f3mina, recursos humanos, inventario, punto de ventas, entre otros. Es una soluci\u00f3n que aborda en forma integral la generaci\u00f3n, recepci\u00f3n, distribuci\u00f3n y almacenamiento de los documentos tributarios electr\u00f3nicos. En el caso de las grandes empresas, es un tema obligatorio, por lo que empresas especializadas brindan este servicio cada vez m\u00e1s requerido.<\/p>\n<p>Nuestra soluci\u00f3n software es <strong>LIBRA<\/strong>. LIBRA cubre con <strong>una \u00fanica soluci\u00f3n<\/strong> todas las necesidades de gesti\u00f3n empresarial, incluyendo <strong>ERP, CRM, BPM, SGA, Business Intelligence y Gesti\u00f3n documental.<\/strong> Todo ello accesible desde cualquier tipo dedispositivo, operando en las instalaciones del cliente <strong>\u201con premise\u201d<\/strong> o alojado en un <strong>cloud p\u00fablico o privado<\/strong>.<\/p>\n<p><strong>LIBRA<\/strong> aporta herramientas de gran importancia para los grupos empresariales, entre las que pueden destacarse la capacidad de definici\u00f3n de estructuras complejas a nivel fiscal (holding matriz, grupos de balance\u2026), organizativo (plantas productivas,<br \/>\nalmacenes, divisiones\u2026), contable (m\u00faltiples planes contables, consolidaci\u00f3n financiera, cash pooling\u2026), permisos de acceso a la informaci\u00f3n totalmente configurables, etc.<\/p>\n<p><strong>LIBRA<\/strong> constituye un <strong>SIIE (Sistema de Informaci\u00f3n Inter-empresarial)<\/strong>, que permite la integraci\u00f3n requerida por la empresa con todos los agentes de la cadena de valor con los que opera, optimizando e integrando todo el flujo de informaci\u00f3n que la empresa necesita en sus operaciones diarias.<\/p>\n<p><strong>LIBRA<\/strong> dispone de interfaces ya desarrollados para <strong>integrar todo tipo de dispositivos<\/strong>, b\u00e1sculas, etiquetadoras, sistemas automatizados de almac\u00e9n, m\u00e1quinas de producci\u00f3n o cualquier elemento susceptible de recibir o generar informaci\u00f3n.[\/vc_column_text][\/vc_column][vc_column width=&#8221;1\/2&#8243; color_style=&#8221;light&#8221; css=&#8221;.vc_custom_1624460739509{background-color: #ffffff !important;background-position: center !important;background-repeat: no-repeat !important;background-size: cover !important;}&#8221;][vc_single_image image=&#8221;13332&#8243; img_size=&#8221;full&#8221; alignment=&#8221;center&#8221;][\/vc_column][\/vc_row][vc_row full_width=&#8221;stretch_row_content&#8221; css=&#8221;.vc_custom_1624460859761{padding-top: 25px !important;padding-bottom: 110px !important;background-color: #f2f2f2 !important;}&#8221;][vc_column width=&#8221;1\/6&#8243;][\/vc_column][vc_column width=&#8221;2\/3&#8243;]<div id=\"ultimate-heading-35469f30235f3d47\" class=\"uvc-heading ult-adjust-bottom-margin ultimate-heading-35469f30235f3d47 uvc-4332 \" data-hspacer=\"line_only\"  data-halign=\"center\" style=\"text-align:center\"><div class=\"uvc-main-heading ult-responsive\"  data-ultimate-target='.uvc-heading.ultimate-heading-35469f30235f3d47 h2'  data-responsive-json-new='{\"font-size\":\"desktop:28px;\",\"line-height\":\"\"}' ><h2 style=\"font-weight:normal;color:#333333;margin-bottom:8px;\">M\u00e1s herramientas y soluciones Serenty para la Transformaci\u00f3n Digital<\/h2><\/div><div class=\"uvc-heading-spacer line_only\" style=\"topheight:1px;\"><span class=\"uvc-headings-line\" style=\"border-style:solid;border-bottom-width:1px;border-color:#4ac8f4;width:60px;\"><\/span><\/div><\/div>[vc_empty_space height=&#8221;35px&#8221;][vc_row_inner equal_height=&#8221;yes&#8221; el_class=&#8221;cuadros&#8221;][vc_column_inner width=&#8221;1\/3&#8243;]<div class=\"pix_icon_box  icon_hover left \"  ><div class=\"icon-box-content content-collapse icon-below-content\"><h2 class=\"title\" style=\"font-size:20px\">Proceso de Consultor\u00eda, Direcci\u00f3n y Coordinaci\u00f3n de proyectos<\/h2><p class=\"content\">La seguridad y garant\u00eda de no perder la informaci\u00f3n de tu empresa, y del trabajo que est\u00e9s desarrollando por un problema en el equipo, es algo que no te suceder\u00e1 trabajando en la nube.<\/p><p class=\"sepCenter\"><a href=\"https:\/\/www.serenty.es\/transformacion-digital\/soluciones-herramientas-transformacion-digital\/proceso-consultoria-direccion-coordinacion-proyectos\/\"  class=\"clear btn btn-outline btn-hover-outline btn-oval  btn-md color btn-hover-color\">Ver m\u00e1s<\/a><\/p><\/div><\/div>[\/vc_column_inner][vc_column_inner width=&#8221;1\/3&#8243;]<div class=\"pix_icon_box  icon_hover left \"  ><div class=\"icon-box-content content-collapse icon-below-content\"><h2 class=\"title\" style=\"font-size:20px\">Infraestructura t\u00e9cnica y de comunicaciones<\/h2><p class=\"content\">En un estudio reciente, se constat\u00f3 que para antes de que concluya el a\u00f1o 2020 habr\u00e1 m\u00e1s de 25 mil millones de dispositivos conectados, &#8230;<\/p><p class=\"sepCenter\"><a href=\"https:\/\/www.serenty.es\/transformacion-digital\/soluciones-herramientas-transformacion-digital\/infraestructura-tecnica-comunicaciones\/\"  class=\"clear btn btn-outline btn-hover-outline btn-oval  btn-md color btn-hover-color\">Ver m\u00e1s<\/a><\/p><\/div><\/div>[\/vc_column_inner][vc_column_inner width=&#8221;1\/3&#8243;]<div class=\"pix_icon_box  icon_hover left \"  ><div class=\"icon-box-content content-collapse icon-below-content\"><h2 class=\"title\" style=\"font-size:20px\">Imagen\/Dise\u00f1o , Marketing Digital Y E-Commerce<\/h2><p class=\"content\">A trav\u00e9s de nuestro equipo especializado en marketing digital te ayudamos a conseguir una buena reputaci\u00f3n y reconocimiento de marca.<\/p><p class=\"sepCenter\"><a href=\"https:\/\/www.serenty.es\/transformacion-digital\/soluciones-herramientas-transformacion-digital\/imagen-diseno-marketing-digital-e-commerce\/\"  class=\"clear btn btn-outline btn-hover-outline btn-oval  btn-md color btn-hover-color\">Ver m\u00e1s<\/a><\/p><\/div><\/div>[\/vc_column_inner][\/vc_row_inner][\/vc_column][vc_column width=&#8221;1\/6&#8243;][\/vc_column][\/vc_row][vc_row full_width=&#8221;stretch_row&#8221; equal_height=&#8221;yes&#8221; content_placement=&#8221;middle&#8221; css=&#8221;.vc_custom_1518698507435{padding-top: 60px !important;padding-bottom: 60px !important;background-color: #00a7cf !important;}&#8221; el_class=&#8221;cta-informacion&#8221;][vc_column width=&#8221;2\/3&#8243; css=&#8221;.vc_custom_1461595330268{padding-top: 0px !important;}&#8221;]<div id=\"ultimate-heading-719769f30236003a6\" class=\"uvc-heading ult-adjust-bottom-margin ultimate-heading-719769f30236003a6 uvc-7666 \" data-hspacer=\"no_spacer\"  data-halign=\"left\" style=\"text-align:left\"><div class=\"uvc-heading-spacer no_spacer\" style=\"top\"><\/div><div class=\"uvc-main-heading ult-responsive\"  data-ultimate-target='.uvc-heading.ultimate-heading-719769f30236003a6 h2'  data-responsive-json-new='{\"font-size\":\"desktop:26px;\",\"line-height\":\"\"}' ><h2 style=\"font-family:&#039;Poppins&#039;;font-weight:500;color:#ffffff;margin-bottom:0px;\">En Serenty somos especialistas en Transformaci\u00f3n Digital<\/h2><\/div><\/div>[\/vc_column][vc_column width=&#8221;1\/3&#8243; css=&#8221;.vc_custom_1461595351467{padding-top: 0px !important;}&#8221;]<div class=\"pix_button button-center\"><a href=\"#\"  class=\"clear btn  btn-solid btn-hover-outline btn-oval  btn-md white btn-hover-white\">Solicitar m\u00e1s informaci\u00f3n<\/a><\/div>[\/vc_column][\/vc_row][vc_row full_width=&#8221;stretch_row_content&#8221; css=&#8221;.vc_custom_1477920295416{padding-top: 75px !important;padding-bottom: 110px !important;}&#8221;][vc_column width=&#8221;1\/6&#8243;][\/vc_column][vc_column width=&#8221;2\/3&#8243;]<div id=\"ultimate-heading-869269f3023600419\" class=\"uvc-heading ult-adjust-bottom-margin ultimate-heading-869269f3023600419 uvc-7100 \" data-hspacer=\"line_only\"  data-halign=\"left\" style=\"text-align:left\"><div class=\"uvc-main-heading ult-responsive\"  data-ultimate-target='.uvc-heading.ultimate-heading-869269f3023600419 h2'  data-responsive-json-new='{\"font-size\":\"desktop:28px;\",\"line-height\":\"\"}' ><h2 style=\"font-weight:normal;color:#333333;margin-bottom:8px;\">La opini\u00f3n de nuestros clientes<\/h2><\/div><div class=\"uvc-heading-spacer line_only\" style=\"topheight:1px;\"><span class=\"uvc-headings-line\" style=\"border-style:solid;border-bottom-width:1px;border-color:#4ac8f4;width:60px;\"><\/span><\/div><\/div>[vc_empty_space height=&#8221;90px&#8221;]<div class=\"owl-carousel row-carousel arrow-style-1 \" data-items=\"3\" data-loop=\"false\" data-margin=\"40\" data-center=\"false\" data-stage-padding=\"0\" data-start-position=\"0\" data-dots=\"true\" data-touch-drag=\"true\" data-mouse-drag=\"true\" data-autoplay-hover-pause=\"true\" data-nav=\"true\" data-autoplay-timeout=\"5000\" data-autoplay=\"false\" data-animate-in=\"false\" data-animate-out=\"false\">[vc_row_inner css=&#8221;.vc_custom_1461147693625{margin-right: 0px !important;margin-left: 0px !important;border-top-width: 1px !important;border-right-width: 1px !important;border-bottom-width: 1px !important;border-left-width: 1px !important;padding-top: 5px !important;padding-right: 40px !important;padding-bottom: 40px !important;padding-left: 40px !important;background-color: #f2f2f2 !important;border-left-color: #e0e0e0 !important;border-left-style: solid !important;border-right-color: #e0e0e0 !important;border-right-style: solid !important;border-top-color: #e0e0e0 !important;border-top-style: solid !important;border-bottom-color: #e0e0e0 !important;border-bottom-style: solid !important;}&#8221;][vc_column_inner][vc_column_text]Grandes profesionales llenos de entusiasmo, unido a una gran capacidad organizativa y un enorme valor humano.[\/vc_column_text]<div id=\"ultimate-heading-839669f3023600535\" class=\"uvc-heading ult-adjust-bottom-margin ultimate-heading-839669f3023600535 uvc-6797 \" data-hspacer=\"no_spacer\"  data-halign=\"center\" style=\"text-align:center\"><div class=\"uvc-heading-spacer no_spacer\" style=\"top\"><\/div><div class=\"uvc-main-heading ult-responsive\"  data-ultimate-target='.uvc-heading.ultimate-heading-839669f3023600535 h2'  data-responsive-json-new='{\"font-size\":\"desktop:14px;\",\"line-height\":\"\"}' ><h2 style=\"font-family:&#039;Poppins&#039;;font-weight:500;color:#777777;\">\u2014 LMLT. Gerente<\/h2><\/div><\/div>[\/vc_column_inner][\/vc_row_inner][vc_row_inner css=&#8221;.vc_custom_1461147693625{margin-right: 0px !important;margin-left: 0px !important;border-top-width: 1px !important;border-right-width: 1px !important;border-bottom-width: 1px !important;border-left-width: 1px !important;padding-top: 5px !important;padding-right: 40px !important;padding-bottom: 40px !important;padding-left: 40px !important;background-color: #f2f2f2 !important;border-left-color: #e0e0e0 !important;border-left-style: solid !important;border-right-color: #e0e0e0 !important;border-right-style: solid !important;border-top-color: #e0e0e0 !important;border-top-style: solid !important;border-bottom-color: #e0e0e0 !important;border-bottom-style: solid !important;}&#8221;][vc_column_inner][vc_column_text]Grandes profesionales, con su dedicaci\u00f3n y competencia hemos podido reorientar la gesti\u00f3n de nuestro negocio. Nos han dise\u00f1ado un plan de gesti\u00f3n adaptado a nuestras necesidades. El trato con ellos es muy cercano, como si fueran uno m\u00e1s de la plantilla.[\/vc_column_text]<div id=\"ultimate-heading-525369f3023600563\" class=\"uvc-heading ult-adjust-bottom-margin ultimate-heading-525369f3023600563 uvc-2090 \" data-hspacer=\"no_spacer\"  data-halign=\"center\" style=\"text-align:center\"><div class=\"uvc-heading-spacer no_spacer\" style=\"top\"><\/div><div class=\"uvc-main-heading ult-responsive\"  data-ultimate-target='.uvc-heading.ultimate-heading-525369f3023600563 h2'  data-responsive-json-new='{\"font-size\":\"desktop:14px;\",\"line-height\":\"\"}' ><h2 style=\"font-family:&#039;Poppins&#039;;font-weight:500;color:#777777;\">\u2014 M.G. Subdirectora y Responsable del Departamento de Ventas<\/h2><\/div><\/div>[\/vc_column_inner][\/vc_row_inner][vc_row_inner css=&#8221;.vc_custom_1461147693625{margin-right: 0px !important;margin-left: 0px !important;border-top-width: 1px !important;border-right-width: 1px !important;border-bottom-width: 1px !important;border-left-width: 1px !important;padding-top: 5px !important;padding-right: 40px !important;padding-bottom: 40px !important;padding-left: 40px !important;background-color: #f2f2f2 !important;border-left-color: #e0e0e0 !important;border-left-style: solid !important;border-right-color: #e0e0e0 !important;border-right-style: solid !important;border-top-color: #e0e0e0 !important;border-top-style: solid !important;border-bottom-color: #e0e0e0 !important;border-bottom-style: solid !important;}&#8221;][vc_column_inner][vc_column_text]Lo mejor de este equipo es el empe\u00f1o y esfuerzo que ponen para desarrollar su trabajo. Me alegra haberos encontrado, ha sido un verdadero placer trabajar junto a vosotros.[\/vc_column_text]<div id=\"ultimate-heading-644269f3023600589\" class=\"uvc-heading ult-adjust-bottom-margin ultimate-heading-644269f3023600589 uvc-6995 \" data-hspacer=\"no_spacer\"  data-halign=\"center\" style=\"text-align:center\"><div class=\"uvc-heading-spacer no_spacer\" style=\"top\"><\/div><div class=\"uvc-main-heading ult-responsive\"  data-ultimate-target='.uvc-heading.ultimate-heading-644269f3023600589 h2'  data-responsive-json-new='{\"font-size\":\"desktop:14px;\",\"line-height\":\"\"}' ><h2 style=\"font-family:&#039;Poppins&#039;;font-weight:500;color:#777777;\">\u2014 R.S. CEO<\/h2><\/div><\/div>[\/vc_column_inner][\/vc_row_inner]<\/div>[\/vc_column][vc_column width=&#8221;1\/6&#8243;][\/vc_column][\/vc_row][vc_row full_width=&#8221;stretch_row&#8221; equal_height=&#8221;yes&#8221; bg_type=&#8221;image&#8221; parallax_style=&#8221;vcpb-vz-jquery&#8221; bg_image_new=&#8221;id^11561|url^https:\/\/www.serenty.es\/wp-content\/uploads\/2018\/01\/fondo-imagen-logo-02.jpg|caption^null|alt^null|title^fondo-imagen-logo-02|description^null&#8221; bg_image_repeat=&#8221;no-repeat&#8221; parallax_sense=&#8221;70&#8243; bg_override=&#8221;ex-full&#8221; css=&#8221;.vc_custom_1516879602893{background-position: center !important;background-repeat: no-repeat !important;background-size: cover !important;}&#8221;][vc_column width=&#8221;1\/2&#8243; css=&#8221;.vc_custom_1477149371088{padding: 60px !important;background-color: #ffffff !important;}&#8221;]<div class=\" size-sm clearfix\"><h2 class=\"main-title title normal-title size-sm line-style1 \"   style=\"font-size: 50px; letter-spacing: 1px; \">Contacto<\/h2><\/div>[vc_column_text]Rellena el formulario de contacto y nosotros te llamamos.[\/vc_column_text]<ul class=\"list \"><li class=\"icon-list\" style=\" margin: 10px 0px 40px 30px; letter-spacing: 1px;\"><i class=\"pixicon-icon pixicon-envelope color\"  style=\" font-size: 20px; margin: 0px 0px 0px -50px; line-height: 17px;\"><\/i>info@serenty.es<\/li><li class=\"icon-list\" style=\" margin: 10px 0px 40px 30px; line-height: 18px; letter-spacing: 1px;\"><i class=\"pixicon-icon pixicon-mobile-1 color\"  style=\" font-size: 25px; margin: 0px 0px 0px -55px;\"><\/i>(+34) 926 81 78 07<br \/>\n(+34) 649 91 96 42<\/li><li class=\"icon-list\" style=\" margin: 10px 0px 40px 30px; letter-spacing: 1px;\"><i class=\"pixicon-icon pixicon-location color\"  style=\" font-size: 20px; margin: 0px 0px 0px -50px;\"><\/i>C\/ General Aguilera, 5 &#8211; 4\u00baD, 13001 Ciudad Real<\/li><\/ul>[\/vc_column][vc_column width=&#8221;1\/2&#8243; color_style=&#8221;light&#8221; css=&#8221;.vc_custom_1516879665500{padding-top: 60px !important;padding-right: 60px !important;padding-bottom: 60px !important;padding-left: 60px !important;background-color: #4ac8f4 !important;}&#8221;]\n<div class=\"wpcf7 no-js\" id=\"wpcf7-f11011-o1\" lang=\"en-US\" dir=\"ltr\">\n<div class=\"screen-reader-response\"><p role=\"status\" aria-live=\"polite\" aria-atomic=\"true\"><\/p> <ul><\/ul><\/div>\n<form action=\"\/en\/wp-json\/wp\/v2\/pages\/13327#wpcf7-f11011-o1\" method=\"post\" class=\"wpcf7-form init wpcf7-acceptance-as-validation\" aria-label=\"Contact form\" novalidate=\"novalidate\" data-status=\"init\">\n<div style=\"display: none;\">\n<input type=\"hidden\" name=\"_wpcf7\" value=\"11011\" \/>\n<input type=\"hidden\" name=\"_wpcf7_version\" value=\"5.9.8\" \/>\n<input type=\"hidden\" name=\"_wpcf7_locale\" value=\"en_US\" \/>\n<input type=\"hidden\" name=\"_wpcf7_unit_tag\" value=\"wpcf7-f11011-o1\" \/>\n<input type=\"hidden\" name=\"_wpcf7_container_post\" value=\"0\" \/>\n<input type=\"hidden\" name=\"_wpcf7_posted_data_hash\" value=\"\" \/>\n<input type=\"hidden\" name=\"_wpcf7dtx_version\" value=\"5.0.5\" \/>\n<\/div>\n<div class=\"smart-form-3\">\n\t<p class=\"smart-textfield\"><i class=\"pixicon-user\"><\/i><span class=\"wpcf7-form-control-wrap\" data-name=\"your-name\"><input size=\"40\" maxlength=\"400\" class=\"wpcf7-form-control wpcf7-text wpcf7-validates-as-required\" aria-required=\"true\" aria-invalid=\"false\" placeholder=\"NOMBRE Y APELLIDOS*\" value=\"\" type=\"text\" name=\"your-name\" \/><\/span>\n\t<\/p>\n\t<p class=\"smart-textfield\"><i class=\"pixicon-envelope-1\"><\/i><span class=\"wpcf7-form-control-wrap\" data-name=\"your-email\"><input size=\"40\" maxlength=\"400\" class=\"wpcf7-form-control wpcf7-email wpcf7-validates-as-required wpcf7-text wpcf7-validates-as-email\" aria-required=\"true\" aria-invalid=\"false\" placeholder=\"EMAIL*\" value=\"\" type=\"email\" name=\"your-email\" \/><\/span>\n\t<\/p>\n\t<p class=\"smart-textfield\"><i class=\"pixicon-phone\"><\/i><span class=\"wpcf7-form-control-wrap\" data-name=\"your-phone\"><input size=\"40\" maxlength=\"400\" class=\"wpcf7-form-control wpcf7-text wpcf7-validates-as-required\" aria-required=\"true\" aria-invalid=\"false\" placeholder=\"TEL\u00c9FONO*\" value=\"\" type=\"text\" name=\"your-phone\" \/><\/span>\n\t<\/p>\n\t<p class=\"smart-textarea\"><span class=\"wpcf7-form-control-wrap\" data-name=\"your-message\"><textarea cols=\"40\" rows=\"10\" maxlength=\"2000\" class=\"wpcf7-form-control wpcf7-textarea\" aria-invalid=\"false\" placeholder=\"MENSAJE\" name=\"your-message\"><\/textarea><\/span>\n\t<\/p>\n\t<div class=\"preguntas\">\n\t\t<p><span class=\"wpcf7-form-control-wrap\" data-name=\"preguntas\"><label><span class=\"wpcf7-quiz-label\">\u00bfCu\u00e1nto es dos + 2?<\/span> <input size=\"40\" class=\"wpcf7-form-control wpcf7-quiz\" autocomplete=\"off\" aria-required=\"true\" aria-invalid=\"false\" type=\"text\" name=\"preguntas\" \/><\/label><input type=\"hidden\" name=\"_wpcf7_quiz_answer_preguntas\" value=\"6f05f5636babad7c6fe22517220f9f95\" \/><\/span>\n\t\t<\/p>\n\t<\/div>\n\t<div class=\"checkbox\">\n\t\t<p><span class=\"wpcf7-form-control-wrap\" data-name=\"acepto\"><span class=\"wpcf7-form-control wpcf7-acceptance\"><span class=\"wpcf7-list-item\"><input type=\"checkbox\" name=\"acepto\" value=\"1\" aria-invalid=\"false\" \/><\/span><\/span><\/span> He le\u00eddo y acepto la <a href=\"#\" rel=\"nofollow\" class=\"privacidad\">pol\u00edtica de privacidad<\/a>\n\t\t<\/p>\n\t<\/div>\n\t<p class=\"smart-btn3\"><input class=\"wpcf7-form-control wpcf7-submit has-spinner btn btn-outline btn-hover-outline\" type=\"submit\" value=\"Enviar\" \/>\n\t<span class=\"wpcf7-form-control-wrap pagina\" data-name=\"pagina\"><input type=\"hidden\" name=\"pagina\" class=\"wpcf7-form-control wpcf7-hidden wpcf7dtx wpcf7dtx-hidden\" aria-invalid=\"false\" value=\"https:\/\/www.serenty.es\/en\/wp-json\/wp\/v2\/pages\/13327\"><\/span>\n\t<\/p>\n\t<p style=\"font-size:12px\">*Datos necesarios\n\t<\/p>\n<\/div><input type='hidden' class='wpcf7-pum' value='{\"closepopup\":false,\"closedelay\":0,\"openpopup\":false,\"openpopup_id\":0}' \/><div class=\"wpcf7-response-output\" aria-hidden=\"true\"><\/div>\n<\/form>\n<\/div>\n[\/vc_column][\/vc_row]<\/p>\n<\/div>","protected":false},"excerpt":{"rendered":"<p>[vc_row full_width=&#8221;stretch_row&#8221; color_style=&#8221;light&#8221; css=&#8221;.vc_custom_1624462695113{padding-top: 0px !important;padding-bottom: 0px !important;background-image: url(https:\/\/www.serenty.es\/wp-content\/uploads\/2018\/02\/cabecera-gestion-de-proyectos-tecnologicos.jpg?id=11708) !important;background-position: center !important;background-repeat: no-repeat !important;background-size: cover !important;}&#8221; el_class=&#8221;cabecera-interior cta-cabecera&#8221;][vc_column][vc_raw_html]JTVCbWlnYXMlNUQ=[\/vc_raw_html][vc_empty_space height=&#8221;50px&#8221;][vc_empty_space height=&#8221;50px&#8221;][\/vc_column][\/vc_row][vc_row full_width=&#8221;stretch_row_content_no_spaces&#8221; equal_height=&#8221;yes&#8221; content_placement=&#8221;middle&#8221; css=&#8221;.vc_custom_1624460748408{padding-top: 0px !important;padding-bottom: 0px !important;background-color: #f2f2f2 !important;}&#8221; el_id=&#8221;contenido&#8221;][vc_column width=&#8221;1\/2&#8243; css=&#8221;.vc_custom_1624460899564{padding-top: 100px !important;padding-right: 10% !important;padding-bottom: 15px !important;padding-left: 10%&#8230;<\/p>\n","protected":false},"author":1,"featured_media":0,"parent":13290,"menu_order":0,"comment_status":"closed","ping_status":"closed","template":"","meta":{"content-type":"","footnotes":""},"yoast_head":"<!-- This site is optimized with the Yoast SEO plugin v23.5 - https:\/\/yoast.com\/wordpress\/plugins\/seo\/ -->\n<title>Sistema De Gesti\u00f3n de la Informaci\u00f3n Integral o ERP - Serenty<\/title>\n<meta name=\"robots\" content=\"index, follow, max-snippet:-1, max-image-preview:large, max-video-preview:-1\" \/>\n<link rel=\"canonical\" href=\"https:\/\/www.serenty.es\/transformacion-digital\/soluciones-herramientas-transformacion-digital\/sistema-gestion-la-informacion-integral-erp\/\" \/>\n<meta property=\"og:locale\" content=\"en_US\" \/>\n<meta property=\"og:type\" content=\"article\" \/>\n<meta property=\"og:title\" content=\"Sistema De Gesti\u00f3n de la Informaci\u00f3n Integral o ERP - Serenty\" \/>\n<meta property=\"og:description\" content=\"[vc_row full_width=&#8221;stretch_row&#8221; color_style=&#8221;light&#8221; css=&#8221;.vc_custom_1624462695113{padding-top: 0px !important;padding-bottom: 0px !important;background-image: url(https:\/\/www.serenty.es\/wp-content\/uploads\/2018\/02\/cabecera-gestion-de-proyectos-tecnologicos.jpg?id=11708) !important;background-position: center !important;background-repeat: no-repeat !important;background-size: cover !important;}&#8221; el_class=&#8221;cabecera-interior cta-cabecera&#8221;][vc_column][vc_raw_html]JTVCbWlnYXMlNUQ=[\/vc_raw_html][vc_empty_space height=&#8221;50px&#8221;][vc_empty_space height=&#8221;50px&#8221;][\/vc_column][\/vc_row][vc_row full_width=&#8221;stretch_row_content_no_spaces&#8221; equal_height=&#8221;yes&#8221; content_placement=&#8221;middle&#8221; css=&#8221;.vc_custom_1624460748408{padding-top: 0px !important;padding-bottom: 0px !important;background-color: #f2f2f2 !important;}&#8221; el_id=&#8221;contenido&#8221;][vc_column width=&#8221;1\/2&#8243; css=&#8221;.vc_custom_1624460899564{padding-top: 100px !important;padding-right: 10% !important;padding-bottom: 15px !important;padding-left: 10%...\" \/>\n<meta property=\"og:url\" content=\"https:\/\/www.serenty.es\/transformacion-digital\/soluciones-herramientas-transformacion-digital\/sistema-gestion-la-informacion-integral-erp\/\" \/>\n<meta property=\"og:site_name\" content=\"Serenty\" \/>\n<meta property=\"article:publisher\" content=\"https:\/\/www.facebook.com\/Serenty-1127927883973955\/\" \/>\n<meta property=\"article:modified_time\" content=\"2021-06-23T15:38:17+00:00\" \/>\n<meta property=\"og:image\" content=\"https:\/\/www.serenty.es\/wp-content\/uploads\/2018\/02\/Cabecera-Facebook_Serenty.png\" \/>\n<meta name=\"twitter:card\" content=\"summary_large_image\" \/>\n<meta name=\"twitter:site\" content=\"@Serenty_ES\" \/>\n<meta name=\"twitter:label1\" content=\"Est. reading time\" \/>\n\t<meta name=\"twitter:data1\" content=\"10 minutes\" \/>\n<script type=\"application\/ld+json\" class=\"yoast-schema-graph\">{\"@context\":\"https:\/\/schema.org\",\"@graph\":[{\"@type\":\"WebPage\",\"@id\":\"https:\/\/www.serenty.es\/transformacion-digital\/soluciones-herramientas-transformacion-digital\/sistema-gestion-la-informacion-integral-erp\/\",\"url\":\"https:\/\/www.serenty.es\/transformacion-digital\/soluciones-herramientas-transformacion-digital\/sistema-gestion-la-informacion-integral-erp\/\",\"name\":\"Sistema De Gesti\u00f3n de la Informaci\u00f3n Integral o ERP - Serenty\",\"isPartOf\":{\"@id\":\"https:\/\/www.serenty.es\/#website\"},\"datePublished\":\"2021-06-23T11:13:07+00:00\",\"dateModified\":\"2021-06-23T15:38:17+00:00\",\"breadcrumb\":{\"@id\":\"https:\/\/www.serenty.es\/transformacion-digital\/soluciones-herramientas-transformacion-digital\/sistema-gestion-la-informacion-integral-erp\/#breadcrumb\"},\"inLanguage\":\"en-US\",\"potentialAction\":[{\"@type\":\"ReadAction\",\"target\":[\"https:\/\/www.serenty.es\/transformacion-digital\/soluciones-herramientas-transformacion-digital\/sistema-gestion-la-informacion-integral-erp\/\"]}]},{\"@type\":\"BreadcrumbList\",\"@id\":\"https:\/\/www.serenty.es\/transformacion-digital\/soluciones-herramientas-transformacion-digital\/sistema-gestion-la-informacion-integral-erp\/#breadcrumb\",\"itemListElement\":[{\"@type\":\"ListItem\",\"position\":1,\"name\":\"Inicio\",\"item\":\"https:\/\/www.serenty.es\/en\/\"},{\"@type\":\"ListItem\",\"position\":2,\"name\":\"Transformaci\u00f3n digital\",\"item\":\"https:\/\/www.serenty.es\/transformacion-digital\/\"},{\"@type\":\"ListItem\",\"position\":3,\"name\":\"Soluciones y Herramientas en Transformaci\u00f3n Digital\",\"item\":\"https:\/\/www.serenty.es\/transformacion-digital\/soluciones-herramientas-transformacion-digital\/\"},{\"@type\":\"ListItem\",\"position\":4,\"name\":\"Sistema De Gesti\u00f3n de la Informaci\u00f3n Integral o ERP\"}]},{\"@type\":\"WebSite\",\"@id\":\"https:\/\/www.serenty.es\/#website\",\"url\":\"https:\/\/www.serenty.es\/\",\"name\":\"Serenty\",\"description\":\"We excel at Process Consulting\",\"publisher\":{\"@id\":\"https:\/\/www.serenty.es\/#organization\"},\"potentialAction\":[{\"@type\":\"SearchAction\",\"target\":{\"@type\":\"EntryPoint\",\"urlTemplate\":\"https:\/\/www.serenty.es\/?s={search_term_string}\"},\"query-input\":{\"@type\":\"PropertyValueSpecification\",\"valueRequired\":true,\"valueName\":\"search_term_string\"}}],\"inLanguage\":\"en-US\"},{\"@type\":\"Organization\",\"@id\":\"https:\/\/www.serenty.es\/#organization\",\"name\":\"Serenty\",\"url\":\"https:\/\/www.serenty.es\/\",\"logo\":{\"@type\":\"ImageObject\",\"inLanguage\":\"en-US\",\"@id\":\"https:\/\/www.serenty.es\/#\/schema\/logo\/image\/\",\"url\":\"https:\/\/www.serenty.es\/wp-content\/uploads\/2023\/06\/Logotipo_Serenty_CMYK.jpg\",\"contentUrl\":\"https:\/\/www.serenty.es\/wp-content\/uploads\/2023\/06\/Logotipo_Serenty_CMYK.jpg\",\"width\":1200,\"height\":900,\"caption\":\"Serenty\"},\"image\":{\"@id\":\"https:\/\/www.serenty.es\/#\/schema\/logo\/image\/\"},\"sameAs\":[\"https:\/\/www.facebook.com\/Serenty-1127927883973955\/\",\"https:\/\/x.com\/Serenty_ES\"]}]}<\/script>\n<!-- \/ Yoast SEO plugin. -->","yoast_head_json":{"title":"Sistema De Gesti\u00f3n de la Informaci\u00f3n Integral o ERP - Serenty","robots":{"index":"index","follow":"follow","max-snippet":"max-snippet:-1","max-image-preview":"max-image-preview:large","max-video-preview":"max-video-preview:-1"},"canonical":"https:\/\/www.serenty.es\/transformacion-digital\/soluciones-herramientas-transformacion-digital\/sistema-gestion-la-informacion-integral-erp\/","og_locale":"en_US","og_type":"article","og_title":"Sistema De Gesti\u00f3n de la Informaci\u00f3n Integral o ERP - Serenty","og_description":"[vc_row full_width=&#8221;stretch_row&#8221; color_style=&#8221;light&#8221; css=&#8221;.vc_custom_1624462695113{padding-top: 0px !important;padding-bottom: 0px !important;background-image: url(https:\/\/www.serenty.es\/wp-content\/uploads\/2018\/02\/cabecera-gestion-de-proyectos-tecnologicos.jpg?id=11708) !important;background-position: center !important;background-repeat: no-repeat !important;background-size: cover !important;}&#8221; el_class=&#8221;cabecera-interior cta-cabecera&#8221;][vc_column][vc_raw_html]JTVCbWlnYXMlNUQ=[\/vc_raw_html][vc_empty_space height=&#8221;50px&#8221;][vc_empty_space height=&#8221;50px&#8221;][\/vc_column][\/vc_row][vc_row full_width=&#8221;stretch_row_content_no_spaces&#8221; equal_height=&#8221;yes&#8221; content_placement=&#8221;middle&#8221; css=&#8221;.vc_custom_1624460748408{padding-top: 0px !important;padding-bottom: 0px !important;background-color: #f2f2f2 !important;}&#8221; el_id=&#8221;contenido&#8221;][vc_column width=&#8221;1\/2&#8243; css=&#8221;.vc_custom_1624460899564{padding-top: 100px !important;padding-right: 10% !important;padding-bottom: 15px !important;padding-left: 10%...","og_url":"https:\/\/www.serenty.es\/transformacion-digital\/soluciones-herramientas-transformacion-digital\/sistema-gestion-la-informacion-integral-erp\/","og_site_name":"Serenty","article_publisher":"https:\/\/www.facebook.com\/Serenty-1127927883973955\/","article_modified_time":"2021-06-23T15:38:17+00:00","og_image":[{"url":"https:\/\/www.serenty.es\/wp-content\/uploads\/2018\/02\/Cabecera-Facebook_Serenty.png"}],"twitter_card":"summary_large_image","twitter_site":"@Serenty_ES","twitter_misc":{"Est. reading time":"10 minutes"},"schema":{"@context":"https:\/\/schema.org","@graph":[{"@type":"WebPage","@id":"https:\/\/www.serenty.es\/transformacion-digital\/soluciones-herramientas-transformacion-digital\/sistema-gestion-la-informacion-integral-erp\/","url":"https:\/\/www.serenty.es\/transformacion-digital\/soluciones-herramientas-transformacion-digital\/sistema-gestion-la-informacion-integral-erp\/","name":"Sistema De Gesti\u00f3n de la Informaci\u00f3n Integral o ERP - Serenty","isPartOf":{"@id":"https:\/\/www.serenty.es\/#website"},"datePublished":"2021-06-23T11:13:07+00:00","dateModified":"2021-06-23T15:38:17+00:00","breadcrumb":{"@id":"https:\/\/www.serenty.es\/transformacion-digital\/soluciones-herramientas-transformacion-digital\/sistema-gestion-la-informacion-integral-erp\/#breadcrumb"},"inLanguage":"en-US","potentialAction":[{"@type":"ReadAction","target":["https:\/\/www.serenty.es\/transformacion-digital\/soluciones-herramientas-transformacion-digital\/sistema-gestion-la-informacion-integral-erp\/"]}]},{"@type":"BreadcrumbList","@id":"https:\/\/www.serenty.es\/transformacion-digital\/soluciones-herramientas-transformacion-digital\/sistema-gestion-la-informacion-integral-erp\/#breadcrumb","itemListElement":[{"@type":"ListItem","position":1,"name":"Inicio","item":"https:\/\/www.serenty.es\/en\/"},{"@type":"ListItem","position":2,"name":"Transformaci\u00f3n digital","item":"https:\/\/www.serenty.es\/transformacion-digital\/"},{"@type":"ListItem","position":3,"name":"Soluciones y Herramientas en Transformaci\u00f3n Digital","item":"https:\/\/www.serenty.es\/transformacion-digital\/soluciones-herramientas-transformacion-digital\/"},{"@type":"ListItem","position":4,"name":"Sistema De Gesti\u00f3n de la Informaci\u00f3n Integral o ERP"}]},{"@type":"WebSite","@id":"https:\/\/www.serenty.es\/#website","url":"https:\/\/www.serenty.es\/","name":"Serenty","description":"We excel at Process Consulting","publisher":{"@id":"https:\/\/www.serenty.es\/#organization"},"potentialAction":[{"@type":"SearchAction","target":{"@type":"EntryPoint","urlTemplate":"https:\/\/www.serenty.es\/?s={search_term_string}"},"query-input":{"@type":"PropertyValueSpecification","valueRequired":true,"valueName":"search_term_string"}}],"inLanguage":"en-US"},{"@type":"Organization","@id":"https:\/\/www.serenty.es\/#organization","name":"Serenty","url":"https:\/\/www.serenty.es\/","logo":{"@type":"ImageObject","inLanguage":"en-US","@id":"https:\/\/www.serenty.es\/#\/schema\/logo\/image\/","url":"https:\/\/www.serenty.es\/wp-content\/uploads\/2023\/06\/Logotipo_Serenty_CMYK.jpg","contentUrl":"https:\/\/www.serenty.es\/wp-content\/uploads\/2023\/06\/Logotipo_Serenty_CMYK.jpg","width":1200,"height":900,"caption":"Serenty"},"image":{"@id":"https:\/\/www.serenty.es\/#\/schema\/logo\/image\/"},"sameAs":["https:\/\/www.facebook.com\/Serenty-1127927883973955\/","https:\/\/x.com\/Serenty_ES"]}]}},"_links":{"self":[{"href":"https:\/\/www.serenty.es\/en\/wp-json\/wp\/v2\/pages\/13327"}],"collection":[{"href":"https:\/\/www.serenty.es\/en\/wp-json\/wp\/v2\/pages"}],"about":[{"href":"https:\/\/www.serenty.es\/en\/wp-json\/wp\/v2\/types\/page"}],"author":[{"embeddable":true,"href":"https:\/\/www.serenty.es\/en\/wp-json\/wp\/v2\/users\/1"}],"replies":[{"embeddable":true,"href":"https:\/\/www.serenty.es\/en\/wp-json\/wp\/v2\/comments?post=13327"}],"version-history":[{"count":13,"href":"https:\/\/www.serenty.es\/en\/wp-json\/wp\/v2\/pages\/13327\/revisions"}],"predecessor-version":[{"id":13396,"href":"https:\/\/www.serenty.es\/en\/wp-json\/wp\/v2\/pages\/13327\/revisions\/13396"}],"up":[{"embeddable":true,"href":"https:\/\/www.serenty.es\/en\/wp-json\/wp\/v2\/pages\/13290"}],"wp:attachment":[{"href":"https:\/\/www.serenty.es\/en\/wp-json\/wp\/v2\/media?parent=13327"}],"curies":[{"name":"wp","href":"https:\/\/api.w.org\/{rel}","templated":true}]}}